
{"id":22228,"date":"2021-09-02T14:39:07","date_gmt":"2021-09-02T12:39:07","guid":{"rendered":"https:\/\/animap.ch\/?post_type=eintrag&#038;p=22228"},"modified":"2021-09-02T17:08:50","modified_gmt":"2021-09-02T15:08:50","slug":"praxis-fuer-med-massage-und-ausdrucksorientiertes-coaching","status":"publish","type":"eintrag","link":"https:\/\/animap.ch\/fr\/eintrag\/praxis-fuer-med-massage-und-ausdrucksorientiertes-coaching\/","title":{"rendered":"Praxis f\u00fcr Med. Massage und Ausdrucksorientiertes Coaching"},"content":{"rendered":"<div class=\"animap-contact\"><span class=\"icon-column dashicons dashicons-location-alt\"><\/span><span class=\"data-column address\">Trottenrebenstrasse 8<\/span><span class=\"icon-column\"><\/span><span class=\"data-column town\">8548 Ellikon an der Thur<\/span><span class=\"icon-column dashicons dashicons-tag\"><\/span><span class=\"data-column phone\">M\u00e9decine alternative<\/span><\/div><p>Bei Verspannungen, Schmerzen oder Blockaden ist man bei mir genau richtig. Gerne setze ich mein Wissen als langj\u00e4hrige medizinische Masseurin und K\u00f6rperbewusstseins-Coach f\u00fcr die hilfesuchenden Menschen ein. Ich lasse mich von ihrem K\u00f6rper und ihrem Energiefeld leiten, um ihnen die n\u00f6tige Unterst\u00fctzung zur L\u00f6sung von Ver-spannungen, Verklebungen und Blockierungen zu geben. Gerne berate ich zudem und mache erfahrbar wie man zu mehr Gelassenheit und Schmerzfreiheit im Alltag kommen kann.<br \/>\nIch empfange die Menschen in einer Atmosph\u00e4re, wo sie sich einfach wohlf\u00fchlen d\u00fcrfen.<\/p>\n<div class=\"leaflet-map WPLeafletMap\" style=\"height:650px; width:100%;\"><\/div><script>\nwindow.WPLeafletMapPlugin = window.WPLeafletMapPlugin || [];\nwindow.WPLeafletMapPlugin.push(function () {\/*<script>*\/\nvar baseUrl = 'https:\/\/{s}.tile.openstreetmap.org\/{z}\/{x}\/{y}.png';\nvar base = (!baseUrl && window.MQ) ? \n    window.MQ.mapLayer() : L.tileLayer(baseUrl, \n        L.Util.extend({}, {\n            detectRetina: 0,\n            minZoom: 0,\n            maxZoom: 20,\n        }, \n        {\"subdomains\":\"abc\",\"noWrap\":false}        )\n    );\nvar options = L.Util.extend({}, {\n        maxZoom: 20,\n        minZoom: 0,\n        layers: [base],\n        zoomControl: 0,\n        scrollWheelZoom: 1,\n        doubleClickZoom: 0,\n        attributionControl: false\n    }, \n    {\"touchZoom\":true,\"fitBounds\":false,\"attribution\":\"&copy; <a href=\\\"https:\\\/\\\/www.openstreetmap.org\\\/copyright\\\">OpenStreetMap<\\\/a> contributors\"}, \n    {});\nwindow.WPLeafletMapPlugin.createMap(options).setView([47.563829204869,8.8233035802841],15);});<\/script><script>\nwindow.WPLeafletMapPlugin = window.WPLeafletMapPlugin || [];\nwindow.WPLeafletMapPlugin.push(function () {\/*<script>*\/\nvar map = window.WPLeafletMapPlugin.getCurrentMap();\nvar group = window.WPLeafletMapPlugin.getCurrentGroup();\nvar marker_options = (function () {\n    var _options = {};\n    var iconArrays = [\n        'iconSize', \n        'iconAnchor', \n        'shadowSize', \n        'shadowAnchor',\n        'popupAnchor'\n    ];\n    var default_icon = L.Icon.Default.prototype.options;\n    if (_options.iconUrl) {\n        \/\/ arrays are strings, unfortunately...\n        for (var i = 0, len = iconArrays.length; i < len; i++) {\n            var option_name = iconArrays[i];\n            var option = _options[ option_name ];\n            \/\/ convert \"1,2\" to [1, 2];\n            if (option) {\n                var arr = option.join('').split(',');\n                \/\/ array.map for ie<9\n                for (var j = 0, lenJ = arr.length; j < lenJ; j++) {\n                    arr[j] = Number(arr[j]);\n                }\n                _options[ option_name ] = arr;\n            }\n        }\n        \/\/ default popupAnchor\n        if (!_options.popupAnchor) {\n            \/\/ set (roughly) to size of icon\n            _options.popupAnchor = (function (i_size) {\n                \/\/ copy array\n                i_size = i_size.slice();\n                \n                \/\/ inverse coordinates\n                i_size[0] = 0;\n                i_size[1] *= -1;\n                \/\/ bottom position on popup is 7px\n                i_size[1] -= 3;\n                return i_size;\n            })(_options.iconSize || default_icon.iconSize);\n        }\n        _options.icon = new L.Icon( _options );\n    }\n    return _options;\n})();\nvar marker = L.marker(\n    [47.563829204869,8.8233035802841], \n    marker_options\n);\nvar is_image = map.is_image_map;\nif (marker_options.draggable) {\n    marker.on('dragend', function () {\n        var latlng = this.getLatLng();\n        var lat = latlng.lat;\n        var lng = latlng.lng;\n        if (is_image) {\n            \/\/ console.log('leaflet-marker y=' + lat + ' x=' + lng);\n        } else {\n           \/\/ console.log('leaflet-marker lat=' + lat + ' lng=' + lng);\n            jQuery('.lat').val(lat);\n            jQuery('.lng').val(lng);\n        }\n    });\n}\nmarker.addTo( group );\nwindow.WPLeafletMapPlugin.markers.push( marker );\n        });<\/script><div class=\"animap-disclaimer\" style=\"margin-top:7px;display:block;\">Par l'enregistrement sur Animap l'entreprise renonce explicitement \u00e0 la pr\u00e9sentation de documents sanitaires. Animap est fond\u00e9 sur la bonne foi et ne porte aucune responsabilit\u00e9 si ce principe \u00e9thique n'est pas respect\u00e9.<\/div>","protected":false},"excerpt":{"rendered":"<div class=\"animap-contact\"><span class=\"icon-column dashicons dashicons-editor-paste-text\"><\/span><span class=\"data-column address\"><a href=\"https:\/\/animap.ch\/fr\/eintrag\/praxis-fuer-med-massage-und-ausdrucksorientiertes-coaching\/\">Praxis f\u00fcr Med. Massage und Ausdrucksorientiertes Coaching<\/a><\/span><span class=\"icon-column dashicons dashicons-location-alt\"><\/span><span class=\"data-column town\">8548 Ellikon an der Thur<\/span><span class=\"icon-column dashicons dashicons-tag\"><\/span><span class=\"data-column phone\"><\/span><\/div>","protected":false},"author":3728,"featured_media":0,"template":"","meta":{"_genesis_hide_title":false,"_genesis_hide_breadcrumbs":false,"_genesis_hide_singular_image":false,"_genesis_hide_footer_widgets":false,"_genesis_custom_body_class":"","_genesis_custom_post_class":"","_genesis_layout":"","footnotes":""},"categories":[242],"class_list":{"0":"post-22228","1":"eintrag","2":"type-eintrag","3":"status-publish","5":"category-medecine_alternative","6":"entry"},"_links":{"self":[{"href":"https:\/\/animap.ch\/fr\/wp-json\/wp\/v2\/eintrag\/22228","targetHints":{"allow":["GET"]}}],"collection":[{"href":"https:\/\/animap.ch\/fr\/wp-json\/wp\/v2\/eintrag"}],"about":[{"href":"https:\/\/animap.ch\/fr\/wp-json\/wp\/v2\/types\/eintrag"}],"author":[{"embeddable":true,"href":"https:\/\/animap.ch\/fr\/wp-json\/wp\/v2\/users\/3728"}],"version-history":[{"count":1,"href":"https:\/\/animap.ch\/fr\/wp-json\/wp\/v2\/eintrag\/22228\/revisions"}],"predecessor-version":[{"id":22230,"href":"https:\/\/animap.ch\/fr\/wp-json\/wp\/v2\/eintrag\/22228\/revisions\/22230"}],"wp:attachment":[{"href":"https:\/\/animap.ch\/fr\/wp-json\/wp\/v2\/media?parent=22228"}],"wp:term":[{"taxonomy":"category","embeddable":true,"href":"https:\/\/animap.ch\/fr\/wp-json\/wp\/v2\/categories?post=22228"}],"curies":[{"name":"wp","href":"https:\/\/api.w.org\/{rel}","templated":true}]}}